{"id":1755,"date":"2023-10-17T13:26:31","date_gmt":"2023-10-17T16:26:31","guid":{"rendered":"https:\/\/nonada.com.br\/redeveredas\/?page_id=1755"},"modified":"2023-11-01T15:33:27","modified_gmt":"2023-11-01T18:33:27","slug":"conteudo","status":"publish","type":"page","link":"https:\/\/nonada.com.br\/redeveredas\/conteudo\/","title":{"rendered":"Conte\u00fados"},"content":{"rendered":"\t\t<div data-elementor-type=\"wp-page\" data-elementor-id=\"1755\" class=\"elementor elementor-1755\">\n\t\t\t\t\t\t\t\t\t<section data-wpr-sticky-section=\"yes\" data-wpr-position-type=\"sticky\" data-wpr-position-offset=\"0\" data-wpr-position-location=\"top\" data-wpr-sticky-devices=\"desktop_sticky\" data-wpr-custom-breakpoints=\"default\" data-wpr-active-breakpoints=\"mobile_sticky tablet_sticky desktop_sticky\" data-wpr-z-index=\"10\" data-wpr-sticky-hide=\"\" data-wpr-replace-header=\"\" data-wpr-animation-duration=\"\" data-wpr-sticky-type=\"sticky\" class=\"elementor-section elementor-top-section elementor-element elementor-element-442d4ae elementor-section-full_width wpr-sticky-section-yes elementor-hidden-mobile elementor-hidden-tablet elementor-section-height-default elementor-section-height-default wpr-particle-no wpr-jarallax-no wpr-parallax-no\" data-id=\"442d4ae\" data-element_type=\"section\" data-settings=\"{&quot;background_background&quot;:&quot;classic&quot;,&quot;_ha_eqh_enable&quot;:&quot;yes&quot;,&quot;_ha_eqh_widget&quot;:[&quot;wpr-logo&quot;,&quot;wpr-nav-menu&quot;],&quot;position_offset&quot;:0,&quot;position_offset_tablet&quot;:0,&quot;position_offset_mobile&quot;:0,&quot;_ha_eqh_to&quot;:&quot;widget&quot;,&quot;_ha_eqh_disable_on_tablet&quot;:&quot;no&quot;,&quot;_ha_eqh_disable_on_mobile&quot;:&quot;yes&quot;}\">\n\t\t\t\t\t\t<div class=\"elementor-container elementor-column-gap-no\">\n\t\t\t\t\t<div class=\"elementor-column elementor-col-33 elementor-top-column elementor-element elementor-element-bdcd0ff\" data-id=\"bdcd0ff\" data-element_type=\"column\">\n\t\t\t<div class=\"elementor-widget-wrap elementor-element-populated\">\n\t\t\t\t\t\t\t\t<div class=\"elementor-element elementor-element-c162fe7 wpr-logo-position-left elementor-widget-mobile__width-initial elementor-widget elementor-widget-wpr-logo\" data-id=\"c162fe7\" data-element_type=\"widget\" data-widget_type=\"wpr-logo.default\">\n\t\t\t\t<div class=\"elementor-widget-container\">\n\t\t\t\t\n\t<div class=\"wpr-logo elementor-clearfix\">\n\n\t\t\t\t<picture class=\"wpr-logo-image\">\n\t\t\t\n\t\t\t\t\t\t\n\t\t\t<img decoding=\"async\" src=\"https:\/\/nonada.com.br\/redeveredas\/wp-content\/uploads\/2023\/10\/Logo-Rede-Veredas-Horizontal-814x198px.png\" alt=\"\">\n\n\t\t\t\t\t\t\t<a class=\"wpr-logo-url\" rel=\"home\" href=\"https:\/\/nonada.com.br\/redeveredas\/\"><\/a>\n\t\t\t\t\t<\/picture>\n\t\t\n\t\t\n\t\t\t\t\t<a class=\"wpr-logo-url\" rel=\"home\" href=\"https:\/\/nonada.com.br\/redeveredas\/\"><\/a>\n\t\t\n\t<\/div>\n\t\t\n\t\t<\/div>\n\t\t\t\t<\/div>\n\t\t\t\t\t<\/div>\n\t\t<\/div>\n\t\t\t\t<div class=\"elementor-column elementor-col-66 elementor-top-column elementor-element elementor-element-6e9c962\" data-id=\"6e9c962\" data-element_type=\"column\" data-settings=\"{&quot;background_background&quot;:&quot;classic&quot;}\">\n\t\t\t<div class=\"elementor-widget-wrap elementor-element-populated\">\n\t\t\t\t\t\t\t\t<div class=\"elementor-element elementor-element-167a5f7 wpr-main-menu-align-right wpr-main-menu-align--tabletright wpr-main-menu-align--mobileright wpr-sub-icon-none elementor-widget__width-initial wpr-pointer-underline wpr-pointer-line-fx wpr-pointer-fx-fade wpr-sub-menu-fx-fade wpr-nav-menu-bp-mobile wpr-mobile-menu-full-width wpr-mobile-menu-item-align-center wpr-mobile-toggle-v1 wpr-mobile-divider-yes elementor-widget elementor-widget-wpr-nav-menu\" data-id=\"167a5f7\" data-element_type=\"widget\" data-settings=\"{&quot;menu_layout&quot;:&quot;horizontal&quot;}\" data-widget_type=\"wpr-nav-menu.default\">\n\t\t\t\t<div class=\"elementor-widget-container\">\n\t\t\t<nav class=\"wpr-nav-menu-container wpr-nav-menu-horizontal\" data-trigger=\"hover\"><ul id=\"menu-1-167a5f7\" class=\"wpr-nav-menu\"><li class=\"menu-item menu-item-type-post_type menu-item-object-page menu-item-home menu-item-998\"><a href=\"https:\/\/nonada.com.br\/redeveredas\/\" class=\"wpr-menu-item wpr-pointer-item\">In\u00edcio<\/a><\/li>\n<li class=\"menu-item menu-item-type-custom menu-item-object-custom menu-item-home menu-item-66\"><a href=\"https:\/\/nonada.com.br\/redeveredas\/#sobre\" class=\"wpr-menu-item wpr-pointer-item\">Sobre<\/a><\/li>\n<li class=\"menu-item menu-item-type-post_type menu-item-object-page menu-item-1800\"><a href=\"https:\/\/nonada.com.br\/redeveredas\/conteudo\/\" class=\"wpr-menu-item wpr-pointer-item\">Decolonialidade<\/a><\/li>\n<li class=\"menu-item menu-item-type-post_type menu-item-object-page menu-item-988\"><a href=\"https:\/\/nonada.com.br\/redeveredas\/cadastre-se\/\" class=\"wpr-menu-item wpr-pointer-item\">Cadastre-se<\/a><\/li>\n<li class=\"menu-item menu-item-type-custom menu-item-object-custom menu-item-home menu-item-67\"><a href=\"https:\/\/nonada.com.br\/redeveredas\/#quem-somos\" class=\"wpr-menu-item wpr-pointer-item\">Quem Somos<\/a><\/li>\n<\/ul><\/nav><nav class=\"wpr-mobile-nav-menu-container\"><div class=\"wpr-mobile-toggle-wrap\"><div class=\"wpr-mobile-toggle\"><span class=\"wpr-mobile-toggle-line\"><\/span><span class=\"wpr-mobile-toggle-line\"><\/span><span class=\"wpr-mobile-toggle-line\"><\/span><\/div><\/div><ul id=\"mobile-menu-2-167a5f7\" class=\"wpr-mobile-nav-menu\"><li class=\"menu-item menu-item-type-post_type menu-item-object-page menu-item-home menu-item-998\"><a href=\"https:\/\/nonada.com.br\/redeveredas\/\" class=\"wpr-mobile-menu-item\">In\u00edcio<\/a><\/li>\n<li class=\"menu-item menu-item-type-custom menu-item-object-custom menu-item-home menu-item-66\"><a href=\"https:\/\/nonada.com.br\/redeveredas\/#sobre\" class=\"wpr-mobile-menu-item\">Sobre<\/a><\/li>\n<li class=\"menu-item menu-item-type-post_type menu-item-object-page menu-item-1800\"><a href=\"https:\/\/nonada.com.br\/redeveredas\/conteudo\/\" class=\"wpr-mobile-menu-item\">Decolonialidade<\/a><\/li>\n<li class=\"menu-item menu-item-type-post_type menu-item-object-page menu-item-988\"><a href=\"https:\/\/nonada.com.br\/redeveredas\/cadastre-se\/\" class=\"wpr-mobile-menu-item\">Cadastre-se<\/a><\/li>\n<li class=\"menu-item menu-item-type-custom menu-item-object-custom menu-item-home menu-item-67\"><a href=\"https:\/\/nonada.com.br\/redeveredas\/#quem-somos\" class=\"wpr-mobile-menu-item\">Quem Somos<\/a><\/li>\n<\/ul><\/nav>\t\t<\/div>\n\t\t\t\t<\/div>\n\t\t\t\t\t<\/div>\n\t\t<\/div>\n\t\t\t\t\t\t\t<\/div>\n\t\t<\/section>\n\t\t\t\t<section data-wpr-sticky-section=\"yes\" data-wpr-position-type=\"sticky\" data-wpr-position-offset=\"0\" data-wpr-position-location=\"top\" data-wpr-sticky-devices=\"mobile_sticky tablet_sticky\" data-wpr-custom-breakpoints=\"default\" data-wpr-active-breakpoints=\"mobile_sticky tablet_sticky desktop_sticky\" data-wpr-z-index=\"10\" data-wpr-sticky-hide=\"\" data-wpr-replace-header=\"\" data-wpr-animation-duration=\"\" data-wpr-sticky-type=\"sticky\" class=\"elementor-section elementor-top-section elementor-element elementor-element-87427ed elementor-section-full_width wpr-sticky-section-yes elementor-hidden-desktop elementor-section-height-default elementor-section-height-default wpr-particle-no wpr-jarallax-no wpr-parallax-no\" data-id=\"87427ed\" data-element_type=\"section\" data-settings=\"{&quot;background_background&quot;:&quot;classic&quot;,&quot;position_offset&quot;:0,&quot;position_offset_tablet&quot;:0,&quot;position_offset_mobile&quot;:0,&quot;_ha_eqh_enable&quot;:false}\">\n\t\t\t\t\t\t<div class=\"elementor-container elementor-column-gap-no\">\n\t\t\t\t\t<div class=\"elementor-column elementor-col-33 elementor-top-column elementor-element elementor-element-103cd84\" data-id=\"103cd84\" data-element_type=\"column\" data-settings=\"{&quot;background_background&quot;:&quot;classic&quot;}\">\n\t\t\t<div class=\"elementor-widget-wrap elementor-element-populated\">\n\t\t\t\t\t\t\t\t<div class=\"elementor-element elementor-element-55592d8 wpr-main-menu-align-right wpr-main-menu-align--tabletright wpr-sub-icon-none elementor-widget__width-inherit elementor-widget-mobile__width-inherit wpr-nav-menu-bp-tablet wpr-main-menu-align--mobileleft wpr-pointer-underline wpr-pointer-line-fx wpr-pointer-fx-fade wpr-sub-menu-fx-fade wpr-mobile-menu-full-width wpr-mobile-menu-item-align-center wpr-mobile-toggle-v1 wpr-mobile-divider-yes elementor-widget elementor-widget-wpr-nav-menu\" data-id=\"55592d8\" data-element_type=\"widget\" data-settings=\"{&quot;menu_layout&quot;:&quot;horizontal&quot;}\" data-widget_type=\"wpr-nav-menu.default\">\n\t\t\t\t<div class=\"elementor-widget-container\">\n\t\t\t<nav class=\"wpr-nav-menu-container wpr-nav-menu-horizontal\" data-trigger=\"hover\"><ul id=\"menu-1-55592d8\" class=\"wpr-nav-menu\"><li class=\"menu-item menu-item-type-post_type menu-item-object-page menu-item-home menu-item-998\"><a href=\"https:\/\/nonada.com.br\/redeveredas\/\" class=\"wpr-menu-item wpr-pointer-item\">In\u00edcio<\/a><\/li>\n<li class=\"menu-item menu-item-type-custom menu-item-object-custom menu-item-home menu-item-66\"><a href=\"https:\/\/nonada.com.br\/redeveredas\/#sobre\" class=\"wpr-menu-item wpr-pointer-item\">Sobre<\/a><\/li>\n<li class=\"menu-item menu-item-type-post_type menu-item-object-page menu-item-1800\"><a href=\"https:\/\/nonada.com.br\/redeveredas\/conteudo\/\" class=\"wpr-menu-item wpr-pointer-item\">Decolonialidade<\/a><\/li>\n<li class=\"menu-item menu-item-type-post_type menu-item-object-page menu-item-988\"><a href=\"https:\/\/nonada.com.br\/redeveredas\/cadastre-se\/\" class=\"wpr-menu-item wpr-pointer-item\">Cadastre-se<\/a><\/li>\n<li class=\"menu-item menu-item-type-custom menu-item-object-custom menu-item-home menu-item-67\"><a href=\"https:\/\/nonada.com.br\/redeveredas\/#quem-somos\" class=\"wpr-menu-item wpr-pointer-item\">Quem Somos<\/a><\/li>\n<\/ul><\/nav><nav class=\"wpr-mobile-nav-menu-container\"><div class=\"wpr-mobile-toggle-wrap\"><div class=\"wpr-mobile-toggle\"><span class=\"wpr-mobile-toggle-line\"><\/span><span class=\"wpr-mobile-toggle-line\"><\/span><span class=\"wpr-mobile-toggle-line\"><\/span><\/div><\/div><ul id=\"mobile-menu-2-55592d8\" class=\"wpr-mobile-nav-menu\"><li class=\"menu-item menu-item-type-post_type menu-item-object-page menu-item-home menu-item-998\"><a href=\"https:\/\/nonada.com.br\/redeveredas\/\" class=\"wpr-mobile-menu-item\">In\u00edcio<\/a><\/li>\n<li class=\"menu-item menu-item-type-custom menu-item-object-custom menu-item-home menu-item-66\"><a href=\"https:\/\/nonada.com.br\/redeveredas\/#sobre\" class=\"wpr-mobile-menu-item\">Sobre<\/a><\/li>\n<li class=\"menu-item menu-item-type-post_type menu-item-object-page menu-item-1800\"><a href=\"https:\/\/nonada.com.br\/redeveredas\/conteudo\/\" class=\"wpr-mobile-menu-item\">Decolonialidade<\/a><\/li>\n<li class=\"menu-item menu-item-type-post_type menu-item-object-page menu-item-988\"><a href=\"https:\/\/nonada.com.br\/redeveredas\/cadastre-se\/\" class=\"wpr-mobile-menu-item\">Cadastre-se<\/a><\/li>\n<li class=\"menu-item menu-item-type-custom menu-item-object-custom menu-item-home menu-item-67\"><a href=\"https:\/\/nonada.com.br\/redeveredas\/#quem-somos\" class=\"wpr-mobile-menu-item\">Quem Somos<\/a><\/li>\n<\/ul><\/nav>\t\t<\/div>\n\t\t\t\t<\/div>\n\t\t\t\t\t<\/div>\n\t\t<\/div>\n\t\t\t\t<div class=\"elementor-column elementor-col-66 elementor-top-column elementor-element elementor-element-9cdb45b\" data-id=\"9cdb45b\" data-element_type=\"column\" data-settings=\"{&quot;background_background&quot;:&quot;classic&quot;}\">\n\t\t\t<div class=\"elementor-widget-wrap elementor-element-populated\">\n\t\t\t\t\t\t\t\t<div class=\"elementor-element elementor-element-e37b025 wpr-logo-position-left elementor-widget-mobile__width-inherit elementor-widget__width-initial elementor-widget elementor-widget-wpr-logo\" data-id=\"e37b025\" data-element_type=\"widget\" data-widget_type=\"wpr-logo.default\">\n\t\t\t\t<div class=\"elementor-widget-container\">\n\t\t\t\t\n\t<div class=\"wpr-logo elementor-clearfix\">\n\n\t\t\t\t<picture class=\"wpr-logo-image\">\n\t\t\t\n\t\t\t\t\t\t\n\t\t\t<img decoding=\"async\" src=\"https:\/\/nonada.com.br\/redeveredas\/wp-content\/uploads\/2023\/10\/Logo-Rede-Veredas-Horizontal-814x198px.png\" alt=\"\">\n\n\t\t\t\t\t\t\t<a class=\"wpr-logo-url\" rel=\"home\" href=\"https:\/\/nonada.com.br\/redeveredas\/\"><\/a>\n\t\t\t\t\t<\/picture>\n\t\t\n\t\t\n\t\t\t\t\t<a class=\"wpr-logo-url\" rel=\"home\" href=\"https:\/\/nonada.com.br\/redeveredas\/\"><\/a>\n\t\t\n\t<\/div>\n\t\t\n\t\t<\/div>\n\t\t\t\t<\/div>\n\t\t\t\t\t<\/div>\n\t\t<\/div>\n\t\t\t\t\t\t\t<\/div>\n\t\t<\/section>\n\t\t<div class=\"elementor-element elementor-element-1941501 e-flex e-con-boxed wpr-particle-no wpr-jarallax-no wpr-parallax-no wpr-sticky-section-no e-con e-parent\" data-id=\"1941501\" data-element_type=\"container\" data-settings=\"{&quot;background_background&quot;:&quot;classic&quot;,&quot;container_type&quot;:&quot;flex&quot;,&quot;content_width&quot;:&quot;boxed&quot;}\" data-core-v316-plus=\"true\">\n\t\t\t\t\t<div class=\"e-con-inner\">\n\t\t\t\t<div class=\"elementor-element elementor-element-a29b71c elementor-widget__width-initial elementor-widget elementor-widget-heading\" data-id=\"a29b71c\" data-element_type=\"widget\" data-widget_type=\"heading.default\">\n\t\t\t\t<div class=\"elementor-widget-container\">\n\t\t\t<style>\/*! elementor - v3.16.0 - 17-10-2023 *\/\n.elementor-heading-title{padding:0;margin:0;line-height:1}.elementor-widget-heading .elementor-heading-title[class*=elementor-size-]>a{color:inherit;font-size:inherit;line-height:inherit}.elementor-widget-heading .elementor-heading-title.elementor-size-small{font-size:15px}.elementor-widget-heading .elementor-heading-title.elementor-size-medium{font-size:19px}.elementor-widget-heading .elementor-heading-title.elementor-size-large{font-size:29px}.elementor-widget-heading .elementor-heading-title.elementor-size-xl{font-size:39px}.elementor-widget-heading .elementor-heading-title.elementor-size-xxl{font-size:59px}<\/style><h2 class=\"elementor-heading-title elementor-size-default\">O pensamento decolonial<\/h2>\t\t<\/div>\n\t\t\t\t<\/div>\n\t\t\t\t<div class=\"elementor-element elementor-element-79d6474 elementor-widget__width-initial elementor-widget elementor-widget-text-editor\" data-id=\"79d6474\" data-element_type=\"widget\" data-widget_type=\"text-editor.default\">\n\t\t\t\t<div class=\"elementor-widget-container\">\n\t\t\t<style>\/*! elementor - v3.16.0 - 17-10-2023 *\/\n.elementor-widget-text-editor.elementor-drop-cap-view-stacked .elementor-drop-cap{background-color:#69727d;color:#fff}.elementor-widget-text-editor.elementor-drop-cap-view-framed .elementor-drop-cap{color:#69727d;border:3px solid;background-color:transparent}.elementor-widget-text-editor:not(.elementor-drop-cap-view-default) .elementor-drop-cap{margin-top:8px}.elementor-widget-text-editor:not(.elementor-drop-cap-view-default) .elementor-drop-cap-letter{width:1em;height:1em}.elementor-widget-text-editor .elementor-drop-cap{float:left;text-align:center;line-height:1;font-size:50px}.elementor-widget-text-editor .elementor-drop-cap-letter{display:inline-block}<\/style>\t\t\t\t<p>Qual a diferen\u00e7a entre descoloniza\u00e7\u00e3o e decolonialidade? Como o conceito de decolonial se diferencia de contracolonial? Quais s\u00e3o as origens de todos esses termos?&nbsp; Segundo o professor Jos\u00e9 Carlos Gomes dos Anjos, a decolonialidade \u201c\u00e9 um conceito que deriva de uma persistente luta pol\u00edtica e epist\u00eamica dos movimentos sociais ind\u00edgenas e do movimento negro &#8211; com muita participa\u00e7\u00e3o do movimento das mulheres negras no processo de articula\u00e7\u00e3o das dimens\u00f5es entre racismo e patriarcalismo\u201d. O pesquisador explica que o conceito de ra\u00e7a \u00e9 central para entender a decolonialidade, uma vez que serviu \u00e0 continuidade da supremacia branca mesmo ap\u00f3s a descoloniza\u00e7\u00e3o em povos n\u00e3o-europeus.<\/p>\n<p>J\u00e1 a descoloniza\u00e7\u00e3o, teorizada por pensadores e te\u00f3ricos, como Patrice Lumumba e Aim\u00e9 C\u00e9saire, Amilcar Cabral e o Frantz Fanon, refere-se \u00e0 forma\u00e7\u00e3o de na\u00e7\u00f5es p\u00f3s-coloniza\u00e7\u00e3o europeia e a \u201cum movimento de substitui\u00e7\u00e3o das autoridades pol\u00edticas europeias por autoridades pol\u00edticas dos territ\u00f3rios outrora colonizados\u201d.<\/p>\n<p>H\u00e1 ainda o conceito de contra-coloniza\u00e7\u00e3o, cunhado pelo intelectual quilombola Nego Bispo. Segundo Gomes dos Anjos, o termo \u00e9 \u201cbastante interessante, sugerindo que existem espa\u00e7os e territ\u00f3rios ind\u00edgenas e negros que nunca foram, de fato, colonizados\u201d.<\/p>\n<p>Mais do que uma substitui\u00e7\u00e3o de termos, ele acredita no aprofundamento e tensionamento que novos intelectuais podem trazer, como \u00e9 o caso da contribui\u00e7\u00e3o do pensador quilombola N\u00eago Bispo. A interpela\u00e7\u00e3o que vem do lado Quilombola introduz uma quest\u00e3o: \u201co quanto voc\u00eas est\u00e3o ainda colonizados? O quanto voc\u00eas precisam se descolonizar?\u201d. E o quanto isso \u00e9 importante para aquilo que ele diz [no livro A Terra D\u00e1, A Terra quer] \u201cpara que os nossos netos n\u00e3o venham a continuar querer colonizar os nossos territ\u00f3rios\u201d, relembra o professor.&nbsp;<\/p>\n<p>Leia&nbsp;<a href=\"https:\/\/www.nonada.com.br\/2023\/09\/o-que-e-decolonialidade-uma-conversa-sobre-o-conceito-e-a-origem-afro-indigena-do-termo\/\" target=\"_blank\">aqui<\/a>&nbsp;a entrevista completa:.<\/p>\n<p><b>Confira abaixo mais conte\u00fados sobre o tema:<\/b><\/p>\t\t\t\t\t\t<\/div>\n\t\t\t\t<\/div>\n\t\t\t\t<div class=\"elementor-element elementor-element-e37c7c1 elementor-widget elementor-widget-heading\" data-id=\"e37c7c1\" data-element_type=\"widget\" data-widget_type=\"heading.default\">\n\t\t\t\t<div class=\"elementor-widget-container\">\n\t\t\t<h2 class=\"elementor-heading-title elementor-size-default\">Reportagens<\/h2>\t\t<\/div>\n\t\t\t\t<\/div>\n\t\t\t\t<div class=\"elementor-element elementor-element-3f528e9 elementor-position-left elementor-widget__width-initial elementor-mobile-position-left elementor-widget-mobile__width-initial elementor-view-default elementor-vertical-align-top elementor-widget elementor-widget-icon-box\" data-id=\"3f528e9\" data-element_type=\"widget\" data-widget_type=\"icon-box.default\">\n\t\t\t\t<div class=\"elementor-widget-container\">\n\t\t\t<link rel=\"stylesheet\" href=\"https:\/\/nonada.com.br\/redeveredas\/wp-content\/plugins\/elementor\/assets\/css\/widget-icon-box.min.css\">\t\t<div class=\"elementor-icon-box-wrapper\">\n\t\t\t\t\t\t<div class=\"elementor-icon-box-icon\">\n\t\t\t\t<a href=\"https:\/\/www.nonada.com.br\/2023\/08\/o-brasil-negro-na-academia-pesquisadores-levam-novas-historias-e-perspectivas-a-producao-academica\/\" target=\"_blank\" class=\"elementor-icon elementor-animation-\" tabindex=\"-1\">\n\t\t\t\t<i aria-hidden=\"true\" class=\"fas fa-link\"><\/i>\t\t\t\t<\/a>\n\t\t\t<\/div>\n\t\t\t\t\t\t<div class=\"elementor-icon-box-content\">\n\t\t\t\t<p class=\"elementor-icon-box-title\">\n\t\t\t\t\t<a href=\"https:\/\/www.nonada.com.br\/2023\/08\/o-brasil-negro-na-academia-pesquisadores-levam-novas-historias-e-perspectivas-a-producao-academica\/\" target=\"_blank\" >\n\t\t\t\t\t\tO Brasil negro na academia: pesquisadores levam novas hist\u00f3rias e perspectivas \u00e0 produ\u00e7\u00e3o acad\u00eamica\t\t\t\t\t<\/a>\n\t\t\t\t<\/p>\n\t\t\t\t\t\t\t<\/div>\n\t\t<\/div>\n\t\t\t\t<\/div>\n\t\t\t\t<\/div>\n\t\t\t\t<div class=\"elementor-element elementor-element-42a1a34 elementor-position-left elementor-widget__width-initial elementor-mobile-position-left elementor-widget-mobile__width-initial elementor-view-default elementor-vertical-align-top elementor-widget elementor-widget-icon-box\" data-id=\"42a1a34\" data-element_type=\"widget\" data-widget_type=\"icon-box.default\">\n\t\t\t\t<div class=\"elementor-widget-container\">\n\t\t\t\t\t<div class=\"elementor-icon-box-wrapper\">\n\t\t\t\t\t\t<div class=\"elementor-icon-box-icon\">\n\t\t\t\t<a href=\"https:\/\/www.nonada.com.br\/2023\/07\/traduzir-e-transcender-conheca-a-multiartista-e-cantora-lirica-inaicyra-falcao-que-entoa-versos-em-ioruba\/\" target=\"_blank\" class=\"elementor-icon elementor-animation-\" tabindex=\"-1\">\n\t\t\t\t<i aria-hidden=\"true\" class=\"fas fa-link\"><\/i>\t\t\t\t<\/a>\n\t\t\t<\/div>\n\t\t\t\t\t\t<div class=\"elementor-icon-box-content\">\n\t\t\t\t<p class=\"elementor-icon-box-title\">\n\t\t\t\t\t<a href=\"https:\/\/www.nonada.com.br\/2023\/07\/traduzir-e-transcender-conheca-a-multiartista-e-cantora-lirica-inaicyra-falcao-que-entoa-versos-em-ioruba\/\" target=\"_blank\" >\n\t\t\t\t\t\tTraduzir e transcender: Conhe\u00e7a a multiartista e cantora l\u00edrica Inaicyra Falc\u00e3o, que entoa versos em Iorub\u00e1\t\t\t\t\t<\/a>\n\t\t\t\t<\/p>\n\t\t\t\t\t\t\t<\/div>\n\t\t<\/div>\n\t\t\t\t<\/div>\n\t\t\t\t<\/div>\n\t\t\t\t<div class=\"elementor-element elementor-element-9ea0217 elementor-position-left elementor-widget__width-initial elementor-mobile-position-left elementor-widget-mobile__width-initial elementor-view-default elementor-vertical-align-top elementor-widget elementor-widget-icon-box\" data-id=\"9ea0217\" data-element_type=\"widget\" data-widget_type=\"icon-box.default\">\n\t\t\t\t<div class=\"elementor-widget-container\">\n\t\t\t\t\t<div class=\"elementor-icon-box-wrapper\">\n\t\t\t\t\t\t<div class=\"elementor-icon-box-icon\">\n\t\t\t\t<a href=\"https:\/\/www.nonada.com.br\/2023\/06\/o-espiralar-na-arte-como-a-obra-da-intelectual-leda-maria-martins-inspira-a-35a-bienal-de-sao-paulo\/\" target=\"_blank\" class=\"elementor-icon elementor-animation-\" tabindex=\"-1\">\n\t\t\t\t<i aria-hidden=\"true\" class=\"fas fa-link\"><\/i>\t\t\t\t<\/a>\n\t\t\t<\/div>\n\t\t\t\t\t\t<div class=\"elementor-icon-box-content\">\n\t\t\t\t<p class=\"elementor-icon-box-title\">\n\t\t\t\t\t<a href=\"https:\/\/www.nonada.com.br\/2023\/06\/o-espiralar-na-arte-como-a-obra-da-intelectual-leda-maria-martins-inspira-a-35a-bienal-de-sao-paulo\/\" target=\"_blank\" >\n\t\t\t\t\t\tO espiralar na arte: como a obra da intelectual Leda Maria Martins inspira a 35\u00aa Bienal de S\u00e3o Paulo\t\t\t\t\t<\/a>\n\t\t\t\t<\/p>\n\t\t\t\t\t\t\t<\/div>\n\t\t<\/div>\n\t\t\t\t<\/div>\n\t\t\t\t<\/div>\n\t\t\t\t<div class=\"elementor-element elementor-element-575126d elementor-position-left elementor-widget__width-initial elementor-mobile-position-left elementor-widget-mobile__width-initial elementor-view-default elementor-vertical-align-top elementor-widget elementor-widget-icon-box\" data-id=\"575126d\" data-element_type=\"widget\" data-widget_type=\"icon-box.default\">\n\t\t\t\t<div class=\"elementor-widget-container\">\n\t\t\t\t\t<div class=\"elementor-icon-box-wrapper\">\n\t\t\t\t\t\t<div class=\"elementor-icon-box-icon\">\n\t\t\t\t<a href=\"https:\/\/www.nonada.com.br\/2023\/05\/primeira-rede-de-cineastas-indigenas-reune-producoes-de-mulheres-nos-diferentes-biomas-do-brasil\/\" target=\"_blank\" class=\"elementor-icon elementor-animation-\" tabindex=\"-1\">\n\t\t\t\t<i aria-hidden=\"true\" class=\"fas fa-link\"><\/i>\t\t\t\t<\/a>\n\t\t\t<\/div>\n\t\t\t\t\t\t<div class=\"elementor-icon-box-content\">\n\t\t\t\t<p class=\"elementor-icon-box-title\">\n\t\t\t\t\t<a href=\"https:\/\/www.nonada.com.br\/2023\/05\/primeira-rede-de-cineastas-indigenas-reune-producoes-de-mulheres-nos-diferentes-biomas-do-brasil\/\" target=\"_blank\" >\n\t\t\t\t\t\tPrimeira rede de cineastas ind\u00edgenas re\u00fane produ\u00e7\u00f5es de mulheres nos diferentes biomas do Brasil\t\t\t\t\t<\/a>\n\t\t\t\t<\/p>\n\t\t\t\t\t\t\t<\/div>\n\t\t<\/div>\n\t\t\t\t<\/div>\n\t\t\t\t<\/div>\n\t\t\t\t<div class=\"elementor-element elementor-element-ca44e4d elementor-position-left elementor-widget__width-initial elementor-mobile-position-left elementor-widget-mobile__width-initial elementor-view-default elementor-vertical-align-top elementor-widget elementor-widget-icon-box\" data-id=\"ca44e4d\" data-element_type=\"widget\" data-widget_type=\"icon-box.default\">\n\t\t\t\t<div class=\"elementor-widget-container\">\n\t\t\t\t\t<div class=\"elementor-icon-box-wrapper\">\n\t\t\t\t\t\t<div class=\"elementor-icon-box-icon\">\n\t\t\t\t<a href=\"https:\/\/www.nonada.com.br\/2023\/05\/iniciativas-indigenas-propoem-repensar-a-salvaguarda-dos-entes-culturais-sagrados-nos-museus\/\" target=\"_blank\" class=\"elementor-icon elementor-animation-\" tabindex=\"-1\">\n\t\t\t\t<i aria-hidden=\"true\" class=\"fas fa-link\"><\/i>\t\t\t\t<\/a>\n\t\t\t<\/div>\n\t\t\t\t\t\t<div class=\"elementor-icon-box-content\">\n\t\t\t\t<p class=\"elementor-icon-box-title\">\n\t\t\t\t\t<a href=\"https:\/\/www.nonada.com.br\/2023\/05\/iniciativas-indigenas-propoem-repensar-a-salvaguarda-dos-entes-culturais-sagrados-nos-museus\/\" target=\"_blank\" >\n\t\t\t\t\t\tIniciativas ind\u00edgenas prop\u00f5em repensar o acervo dos entes culturais sagrados nos museus\t\t\t\t\t<\/a>\n\t\t\t\t<\/p>\n\t\t\t\t\t\t\t<\/div>\n\t\t<\/div>\n\t\t\t\t<\/div>\n\t\t\t\t<\/div>\n\t\t\t\t<div class=\"elementor-element elementor-element-d94390f elementor-position-left elementor-widget__width-initial elementor-mobile-position-left elementor-widget-mobile__width-initial elementor-view-default elementor-vertical-align-top elementor-widget elementor-widget-icon-box\" data-id=\"d94390f\" data-element_type=\"widget\" data-widget_type=\"icon-box.default\">\n\t\t\t\t<div class=\"elementor-widget-container\">\n\t\t\t\t\t<div class=\"elementor-icon-box-wrapper\">\n\t\t\t\t\t\t<div class=\"elementor-icon-box-icon\">\n\t\t\t\t<a href=\"https:\/\/www.nonada.com.br\/2023\/04\/as-favelas-tem-memoria-o-lugar-dos-territorios-perifericos-como-patrimonio-cultural\/\" target=\"_blank\" class=\"elementor-icon elementor-animation-\" tabindex=\"-1\">\n\t\t\t\t<i aria-hidden=\"true\" class=\"fas fa-link\"><\/i>\t\t\t\t<\/a>\n\t\t\t<\/div>\n\t\t\t\t\t\t<div class=\"elementor-icon-box-content\">\n\t\t\t\t<p class=\"elementor-icon-box-title\">\n\t\t\t\t\t<a href=\"https:\/\/www.nonada.com.br\/2023\/04\/as-favelas-tem-memoria-o-lugar-dos-territorios-perifericos-como-patrimonio-cultural\/\" target=\"_blank\" >\n\t\t\t\t\t\tAs favelas t\u00eam mem\u00f3ria: o lugar dos territ\u00f3rios perif\u00e9ricos como patrim\u00f4nio cultural\t\t\t\t\t<\/a>\n\t\t\t\t<\/p>\n\t\t\t\t\t\t\t<\/div>\n\t\t<\/div>\n\t\t\t\t<\/div>\n\t\t\t\t<\/div>\n\t\t\t\t<div class=\"elementor-element elementor-element-5f77e13 elementor-position-left elementor-widget__width-initial elementor-mobile-position-left elementor-widget-mobile__width-initial elementor-view-default elementor-vertical-align-top elementor-widget elementor-widget-icon-box\" data-id=\"5f77e13\" data-element_type=\"widget\" data-widget_type=\"icon-box.default\">\n\t\t\t\t<div class=\"elementor-widget-container\">\n\t\t\t\t\t<div class=\"elementor-icon-box-wrapper\">\n\t\t\t\t\t\t<div class=\"elementor-icon-box-icon\">\n\t\t\t\t<a href=\"https:\/\/www.nonada.com.br\/2023\/04\/da-historia-a-matematica-professores-levam-culturas-de-matrizes-africanas-as-escolas\/\" target=\"_blank\" class=\"elementor-icon elementor-animation-\" tabindex=\"-1\">\n\t\t\t\t<i aria-hidden=\"true\" class=\"fas fa-link\"><\/i>\t\t\t\t<\/a>\n\t\t\t<\/div>\n\t\t\t\t\t\t<div class=\"elementor-icon-box-content\">\n\t\t\t\t<p class=\"elementor-icon-box-title\">\n\t\t\t\t\t<a href=\"https:\/\/www.nonada.com.br\/2023\/04\/da-historia-a-matematica-professores-levam-culturas-de-matrizes-africanas-as-escolas\/\" target=\"_blank\" >\n\t\t\t\t\t\tDa hist\u00f3ria \u00e0 matem\u00e1tica, professores levam culturas de matrizes africanas \u00e0s escolas\t\t\t\t\t<\/a>\n\t\t\t\t<\/p>\n\t\t\t\t\t\t\t<\/div>\n\t\t<\/div>\n\t\t\t\t<\/div>\n\t\t\t\t<\/div>\n\t\t\t\t<div class=\"elementor-element elementor-element-f7e519e elementor-widget elementor-widget-heading\" data-id=\"f7e519e\" data-element_type=\"widget\" data-widget_type=\"heading.default\">\n\t\t\t\t<div class=\"elementor-widget-container\">\n\t\t\t<h2 class=\"elementor-heading-title elementor-size-default\">Artigos acad\u00eamicos<\/h2>\t\t<\/div>\n\t\t\t\t<\/div>\n\t\t\t\t<div class=\"elementor-element elementor-element-fc339e8 elementor-position-left elementor-widget__width-initial elementor-mobile-position-left elementor-widget-mobile__width-initial elementor-view-default elementor-vertical-align-top elementor-widget elementor-widget-icon-box\" data-id=\"fc339e8\" data-element_type=\"widget\" data-widget_type=\"icon-box.default\">\n\t\t\t\t<div class=\"elementor-widget-container\">\n\t\t\t\t\t<div class=\"elementor-icon-box-wrapper\">\n\t\t\t\t\t\t<div class=\"elementor-icon-box-icon\">\n\t\t\t\t<a href=\"https:\/\/www.scielo.br\/j\/se\/a\/wKkj6xkzPZHGcFCf8K4BqCr\/?format=pdf&#038;lang=pt\" target=\"_blank\" class=\"elementor-icon elementor-animation-\" tabindex=\"-1\">\n\t\t\t\t<i aria-hidden=\"true\" class=\"fas fa-link\"><\/i>\t\t\t\t<\/a>\n\t\t\t<\/div>\n\t\t\t\t\t\t<div class=\"elementor-icon-box-content\">\n\t\t\t\t<p class=\"elementor-icon-box-title\">\n\t\t\t\t\t<a href=\"https:\/\/www.scielo.br\/j\/se\/a\/wKkj6xkzPZHGcFCf8K4BqCr\/?format=pdf&#038;lang=pt\" target=\"_blank\" >\n\t\t\t\t\t\tDecolonialidade e perspectiva negra, por Bernardino-Costa e Grosfoguel\t\t\t\t\t<\/a>\n\t\t\t\t<\/p>\n\t\t\t\t\t\t\t<\/div>\n\t\t<\/div>\n\t\t\t\t<\/div>\n\t\t\t\t<\/div>\n\t\t\t\t<div class=\"elementor-element elementor-element-a2e7e1f elementor-position-left elementor-widget__width-initial elementor-mobile-position-left elementor-widget-mobile__width-initial elementor-view-default elementor-vertical-align-top elementor-widget elementor-widget-icon-box\" data-id=\"a2e7e1f\" data-element_type=\"widget\" data-widget_type=\"icon-box.default\">\n\t\t\t\t<div class=\"elementor-widget-container\">\n\t\t\t\t\t<div class=\"elementor-icon-box-wrapper\">\n\t\t\t\t\t\t<div class=\"elementor-icon-box-icon\">\n\t\t\t\t<a href=\"https:\/\/periodicos.ufs.br\/historiar\/article\/view\/15456\" target=\"_blank\" class=\"elementor-icon elementor-animation-\" tabindex=\"-1\">\n\t\t\t\t<i aria-hidden=\"true\" class=\"fas fa-link\"><\/i>\t\t\t\t<\/a>\n\t\t\t<\/div>\n\t\t\t\t\t\t<div class=\"elementor-icon-box-content\">\n\t\t\t\t<p class=\"elementor-icon-box-title\">\n\t\t\t\t\t<a href=\"https:\/\/periodicos.ufs.br\/historiar\/article\/view\/15456\" target=\"_blank\" >\n\t\t\t\t\t\tO Pensamento Decolonial: Conceitos para Pensar uma Pr\u00e1tica de Pesquisa de Resist\u00eancia, por Elizabeth de Souza Oliveira e Marizete Lucini\t\t\t\t\t<\/a>\n\t\t\t\t<\/p>\n\t\t\t\t\t\t\t<\/div>\n\t\t<\/div>\n\t\t\t\t<\/div>\n\t\t\t\t<\/div>\n\t\t\t\t<div class=\"elementor-element elementor-element-473d223 elementor-position-left elementor-widget__width-initial elementor-mobile-position-left elementor-widget-mobile__width-initial elementor-view-default elementor-vertical-align-top elementor-widget elementor-widget-icon-box\" data-id=\"473d223\" data-element_type=\"widget\" data-widget_type=\"icon-box.default\">\n\t\t\t\t<div class=\"elementor-widget-container\">\n\t\t\t\t\t<div class=\"elementor-icon-box-wrapper\">\n\t\t\t\t\t\t<div class=\"elementor-icon-box-icon\">\n\t\t\t\t<a href=\"https:\/\/periodicos.unb.br\/index.php\/revistavis\/article\/view\/43694\" target=\"_blank\" class=\"elementor-icon elementor-animation-\" tabindex=\"-1\">\n\t\t\t\t<i aria-hidden=\"true\" class=\"fas fa-link\"><\/i>\t\t\t\t<\/a>\n\t\t\t<\/div>\n\t\t\t\t\t\t<div class=\"elementor-icon-box-content\">\n\t\t\t\t<p class=\"elementor-icon-box-title\">\n\t\t\t\t\t<a href=\"https:\/\/periodicos.unb.br\/index.php\/revistavis\/article\/view\/43694\" target=\"_blank\" >\n\t\t\t\t\t\tA \u201cvirada decolonial\u201d na arte contempor\u00e2nea brasileira, por Alessandra Sim\u00f5es Paiva\t\t\t\t\t<\/a>\n\t\t\t\t<\/p>\n\t\t\t\t\t\t\t<\/div>\n\t\t<\/div>\n\t\t\t\t<\/div>\n\t\t\t\t<\/div>\n\t\t\t\t<div class=\"elementor-element elementor-element-4b03cb5 elementor-position-left elementor-widget__width-initial elementor-mobile-position-left elementor-widget-mobile__width-initial elementor-view-default elementor-vertical-align-top elementor-widget elementor-widget-icon-box\" data-id=\"4b03cb5\" data-element_type=\"widget\" data-widget_type=\"icon-box.default\">\n\t\t\t\t<div class=\"elementor-widget-container\">\n\t\t\t\t\t<div class=\"elementor-icon-box-wrapper\">\n\t\t\t\t\t\t<div class=\"elementor-icon-box-icon\">\n\t\t\t\t<a href=\"https:\/\/assets.masp.org.br\/uploads\/temp\/temp-QE1LhobgtE4MbKZhc8Jv.pdf\" target=\"_blank\" class=\"elementor-icon elementor-animation-\" tabindex=\"-1\">\n\t\t\t\t<i aria-hidden=\"true\" class=\"fas fa-link\"><\/i>\t\t\t\t<\/a>\n\t\t\t<\/div>\n\t\t\t\t\t\t<div class=\"elementor-icon-box-content\">\n\t\t\t\t<p class=\"elementor-icon-box-title\">\n\t\t\t\t\t<a href=\"https:\/\/assets.masp.org.br\/uploads\/temp\/temp-QE1LhobgtE4MbKZhc8Jv.pdf\" target=\"_blank\" >\n\t\t\t\t\t\tUma breve hist\u00f3ria dos estudos decoloniais, por  Pablo Quintero, Patricia Figueira e Paz Elizalde \t\t\t\t\t<\/a>\n\t\t\t\t<\/p>\n\t\t\t\t\t\t\t<\/div>\n\t\t<\/div>\n\t\t\t\t<\/div>\n\t\t\t\t<\/div>\n\t\t\t\t<div class=\"elementor-element elementor-element-fd90c12 elementor-position-left elementor-widget__width-initial elementor-mobile-position-left elementor-widget-mobile__width-initial elementor-view-default elementor-vertical-align-top elementor-widget elementor-widget-icon-box\" data-id=\"fd90c12\" data-element_type=\"widget\" data-widget_type=\"icon-box.default\">\n\t\t\t\t<div class=\"elementor-widget-container\">\n\t\t\t\t\t<div class=\"elementor-icon-box-wrapper\">\n\t\t\t\t\t\t<div class=\"elementor-icon-box-icon\">\n\t\t\t\t<a href=\"http:\/\/cga.libertar.org\/wp-content\/uploads\/2017\/07\/BISPO-Antonio.-Colonizacao_Quilombos.pdf\" target=\"_blank\" class=\"elementor-icon elementor-animation-\" tabindex=\"-1\">\n\t\t\t\t<i aria-hidden=\"true\" class=\"fas fa-link\"><\/i>\t\t\t\t<\/a>\n\t\t\t<\/div>\n\t\t\t\t\t\t<div class=\"elementor-icon-box-content\">\n\t\t\t\t<p class=\"elementor-icon-box-title\">\n\t\t\t\t\t<a href=\"http:\/\/cga.libertar.org\/wp-content\/uploads\/2017\/07\/BISPO-Antonio.-Colonizacao_Quilombos.pdf\" target=\"_blank\" >\n\t\t\t\t\t\tColoniza\u00e7\u00e3o, quilombos, por Antonio Bispo dos Santos\t\t\t\t\t<\/a>\n\t\t\t\t<\/p>\n\t\t\t\t\t\t\t<\/div>\n\t\t<\/div>\n\t\t\t\t<\/div>\n\t\t\t\t<\/div>\n\t\t\t\t<div class=\"elementor-element elementor-element-6782162 elementor-position-left elementor-widget__width-initial elementor-mobile-position-left elementor-widget-mobile__width-initial elementor-view-default elementor-vertical-align-top elementor-widget elementor-widget-icon-box\" data-id=\"6782162\" data-element_type=\"widget\" data-widget_type=\"icon-box.default\">\n\t\t\t\t<div class=\"elementor-widget-container\">\n\t\t\t\t\t<div class=\"elementor-icon-box-wrapper\">\n\t\t\t\t\t\t<div class=\"elementor-icon-box-icon\">\n\t\t\t\t<a href=\"https:\/\/humanas.blog.scielo.org\/blog\/2018\/10\/23\/o-decolonial-na-pesquisa-em-artes-no-brasil\/\" target=\"_blank\" class=\"elementor-icon elementor-animation-\" tabindex=\"-1\">\n\t\t\t\t<i aria-hidden=\"true\" class=\"fas fa-link\"><\/i>\t\t\t\t<\/a>\n\t\t\t<\/div>\n\t\t\t\t\t\t<div class=\"elementor-icon-box-content\">\n\t\t\t\t<p class=\"elementor-icon-box-title\">\n\t\t\t\t\t<a href=\"https:\/\/humanas.blog.scielo.org\/blog\/2018\/10\/23\/o-decolonial-na-pesquisa-em-artes-no-brasil\/\" target=\"_blank\" >\n\t\t\t\t\t\tO Decolonial na pesquisa em artes no Brasil, por Celina Nunes de Alc\u00e2ntara\t\t\t\t\t<\/a>\n\t\t\t\t<\/p>\n\t\t\t\t\t\t\t<\/div>\n\t\t<\/div>\n\t\t\t\t<\/div>\n\t\t\t\t<\/div>\n\t\t\t\t<div class=\"elementor-element elementor-element-243d0bb elementor-position-left elementor-widget__width-initial elementor-mobile-position-left elementor-widget-mobile__width-initial elementor-view-default elementor-vertical-align-top elementor-widget elementor-widget-icon-box\" data-id=\"243d0bb\" data-element_type=\"widget\" data-widget_type=\"icon-box.default\">\n\t\t\t\t<div class=\"elementor-widget-container\">\n\t\t\t\t\t<div class=\"elementor-icon-box-wrapper\">\n\t\t\t\t\t\t<div class=\"elementor-icon-box-icon\">\n\t\t\t\t<a href=\"https:\/\/periodicos.ufpa.br\/index.php\/ppgartes\/article\/view\/14752\/10226\" target=\"_blank\" class=\"elementor-icon elementor-animation-\" tabindex=\"-1\">\n\t\t\t\t<i aria-hidden=\"true\" class=\"fas fa-link\"><\/i>\t\t\t\t<\/a>\n\t\t\t<\/div>\n\t\t\t\t\t\t<div class=\"elementor-icon-box-content\">\n\t\t\t\t<p class=\"elementor-icon-box-title\">\n\t\t\t\t\t<a href=\"https:\/\/periodicos.ufpa.br\/index.php\/ppgartes\/article\/view\/14752\/10226\" target=\"_blank\" >\n\t\t\t\t\t\tUma cartografia da decolonialidade nas artes visuais da Am\u00e9rica Latina para pensar uma arte\/educa\u00e7\u00e3o decolonial , por Eduardo Junio Santos Moura\t\t\t\t\t<\/a>\n\t\t\t\t<\/p>\n\t\t\t\t\t\t\t<\/div>\n\t\t<\/div>\n\t\t\t\t<\/div>\n\t\t\t\t<\/div>\n\t\t\t\t\t<\/div>\n\t\t\t\t<\/div>\n\t\t<div class=\"elementor-element elementor-element-3095ebd e-con-full e-flex wpr-particle-no wpr-jarallax-no wpr-parallax-no wpr-sticky-section-no e-con e-parent\" data-id=\"3095ebd\" data-element_type=\"container\" data-settings=\"{&quot;content_width&quot;:&quot;full&quot;,&quot;background_background&quot;:&quot;classic&quot;,&quot;container_type&quot;:&quot;flex&quot;}\" data-core-v316-plus=\"true\">\n\t\t\t\t<div class=\"elementor-element elementor-element-ba8139f elementor-widget__width-inherit elementor-widget elementor-widget-heading\" data-id=\"ba8139f\" data-element_type=\"widget\" data-widget_type=\"heading.default\">\n\t\t\t\t<div class=\"elementor-widget-container\">\n\t\t\t<h5 class=\"elementor-heading-title elementor-size-default\">Financiamento<\/h5>\t\t<\/div>\n\t\t\t\t<\/div>\n\t\t\t\t<div class=\"elementor-element elementor-element-9b59342 elementor-widget-tablet__width-initial elementor-widget__width-initial elementor-widget-mobile__width-initial elementor-widget elementor-widget-image\" data-id=\"9b59342\" data-element_type=\"widget\" data-widget_type=\"image.default\">\n\t\t\t\t<div class=\"elementor-widget-container\">\n\t\t\t<style>\/*! elementor - v3.16.0 - 17-10-2023 *\/\n.elementor-widget-image{text-align:center}.elementor-widget-image a{display:inline-block}.elementor-widget-image a img[src$=\".svg\"]{width:48px}.elementor-widget-image img{vertical-align:middle;display:inline-block}<\/style>\t\t\t\t\t\t\t\t\t\t\t\t<img decoding=\"async\" loading=\"lazy\" width=\"250\" height=\"150\" src=\"https:\/\/nonada.com.br\/redeveredas\/wp-content\/uploads\/2023\/10\/Logo-Meta-Branco-sem-espacamento-lateral-348x150px.png\" class=\"attachment-full size-full wp-image-881\" alt=\"\" \/>\t\t\t\t\t\t\t\t\t\t\t\t\t\t\t<\/div>\n\t\t\t\t<\/div>\n\t\t\t\t<div class=\"elementor-element elementor-element-20c4860 elementor-widget-tablet__width-initial elementor-widget__width-initial elementor-widget-mobile__width-initial elementor-widget elementor-widget-image\" data-id=\"20c4860\" data-element_type=\"widget\" data-widget_type=\"image.default\">\n\t\t\t\t<div class=\"elementor-widget-container\">\n\t\t\t\t\t\t\t\t\t\t\t\t\t\t\t<img decoding=\"async\" loading=\"lazy\" width=\"1125\" height=\"630\" src=\"https:\/\/nonada.com.br\/redeveredas\/wp-content\/uploads\/2023\/10\/Logo-International-Center-For-Journalists-Branco-sem-espacamento-lateral.png\" class=\"attachment-full size-full wp-image-882\" alt=\"\" srcset=\"https:\/\/nonada.com.br\/redeveredas\/wp-content\/uploads\/2023\/10\/Logo-International-Center-For-Journalists-Branco-sem-espacamento-lateral.png 1125w, https:\/\/nonada.com.br\/redeveredas\/wp-content\/uploads\/2023\/10\/Logo-International-Center-For-Journalists-Branco-sem-espacamento-lateral-300x168.png 300w, https:\/\/nonada.com.br\/redeveredas\/wp-content\/uploads\/2023\/10\/Logo-International-Center-For-Journalists-Branco-sem-espacamento-lateral-1024x573.png 1024w, https:\/\/nonada.com.br\/redeveredas\/wp-content\/uploads\/2023\/10\/Logo-International-Center-For-Journalists-Branco-sem-espacamento-lateral-768x430.png 768w, https:\/\/nonada.com.br\/redeveredas\/wp-content\/uploads\/2023\/10\/Logo-International-Center-For-Journalists-Branco-sem-espacamento-lateral-600x336.png 600w\" sizes=\"(max-width: 1125px) 100vw, 1125px\" \/>\t\t\t\t\t\t\t\t\t\t\t\t\t\t\t<\/div>\n\t\t\t\t<\/div>\n\t\t\t\t<div class=\"elementor-element elementor-element-f82f7e8 elementor-widget-tablet__width-initial elementor-widget__width-initial elementor-widget-mobile__width-initial elementor-widget elementor-widget-image\" data-id=\"f82f7e8\" data-element_type=\"widget\" data-widget_type=\"image.default\">\n\t\t\t\t<div class=\"elementor-widget-container\">\n\t\t\t\t\t\t\t\t\t\t\t\t\t\t\t<img decoding=\"async\" loading=\"lazy\" width=\"401\" height=\"253\" src=\"https:\/\/nonada.com.br\/redeveredas\/wp-content\/uploads\/2023\/10\/Logo-Ajor-Branco-sem-espacamento-lateral.png\" class=\"attachment-full size-full wp-image-879\" alt=\"\" srcset=\"https:\/\/nonada.com.br\/redeveredas\/wp-content\/uploads\/2023\/10\/Logo-Ajor-Branco-sem-espacamento-lateral.png 401w, https:\/\/nonada.com.br\/redeveredas\/wp-content\/uploads\/2023\/10\/Logo-Ajor-Branco-sem-espacamento-lateral-300x189.png 300w\" sizes=\"(max-width: 401px) 100vw, 401px\" \/>\t\t\t\t\t\t\t\t\t\t\t\t\t\t\t<\/div>\n\t\t\t\t<\/div>\n\t\t\t\t<\/div>\n\t\t<div class=\"elementor-element elementor-element-2ceeb52 e-con-full e-flex wpr-particle-no wpr-jarallax-no wpr-parallax-no wpr-sticky-section-no e-con e-parent\" data-id=\"2ceeb52\" data-element_type=\"container\" data-settings=\"{&quot;background_background&quot;:&quot;classic&quot;,&quot;content_width&quot;:&quot;full&quot;,&quot;container_type&quot;:&quot;flex&quot;}\" data-core-v316-plus=\"true\">\n\t\t\t\t<div class=\"elementor-element elementor-element-05b8a6b elementor-widget-mobile__width-inherit elementor-widget__width-inherit elementor-widget elementor-widget-heading\" data-id=\"05b8a6b\" data-element_type=\"widget\" data-widget_type=\"heading.default\">\n\t\t\t\t<div class=\"elementor-widget-container\">\n\t\t\t<p class=\"elementor-heading-title elementor-size-default\">ACOMPANHE NOSSAS REDES SOCIAIS<\/p>\t\t<\/div>\n\t\t\t\t<\/div>\n\t\t\t\t<div class=\"elementor-element elementor-element-0a26de4 elementor-shape-circle elementor-grid-3 elementor-grid-tablet-3 elementor-grid-mobile-3 e-grid-align-tablet-center e-grid-align-mobile-center elementor-widget-mobile__width-inherit e-grid-align-center elementor-widget elementor-widget-social-icons\" data-id=\"0a26de4\" data-element_type=\"widget\" data-widget_type=\"social-icons.default\">\n\t\t\t\t<div class=\"elementor-widget-container\">\n\t\t\t<style>\/*! elementor - v3.16.0 - 17-10-2023 *\/\n.elementor-widget-social-icons.elementor-grid-0 .elementor-widget-container,.elementor-widget-social-icons.elementor-grid-mobile-0 .elementor-widget-container,.elementor-widget-social-icons.elementor-grid-tablet-0 .elementor-widget-container{line-height:1;font-size:0}.elementor-widget-social-icons:not(.elementor-grid-0):not(.elementor-grid-tablet-0):not(.elementor-grid-mobile-0) .elementor-grid{display:inline-grid}.elementor-widget-social-icons .elementor-grid{grid-column-gap:var(--grid-column-gap,5px);grid-row-gap:var(--grid-row-gap,5px);grid-template-columns:var(--grid-template-columns);justify-content:var(--justify-content,center);justify-items:var(--justify-content,center)}.elementor-icon.elementor-social-icon{font-size:var(--icon-size,25px);line-height:var(--icon-size,25px);width:calc(var(--icon-size, 25px) + (2 * var(--icon-padding, .5em)));height:calc(var(--icon-size, 25px) + (2 * var(--icon-padding, .5em)))}.elementor-social-icon{--e-social-icon-icon-color:#fff;display:inline-flex;background-color:#69727d;align-items:center;justify-content:center;text-align:center;cursor:pointer}.elementor-social-icon i{color:var(--e-social-icon-icon-color)}.elementor-social-icon svg{fill:var(--e-social-icon-icon-color)}.elementor-social-icon:last-child{margin:0}.elementor-social-icon:hover{opacity:.9;color:#fff}.elementor-social-icon-android{background-color:#a4c639}.elementor-social-icon-apple{background-color:#999}.elementor-social-icon-behance{background-color:#1769ff}.elementor-social-icon-bitbucket{background-color:#205081}.elementor-social-icon-codepen{background-color:#000}.elementor-social-icon-delicious{background-color:#39f}.elementor-social-icon-deviantart{background-color:#05cc47}.elementor-social-icon-digg{background-color:#005be2}.elementor-social-icon-dribbble{background-color:#ea4c89}.elementor-social-icon-elementor{background-color:#d30c5c}.elementor-social-icon-envelope{background-color:#ea4335}.elementor-social-icon-facebook,.elementor-social-icon-facebook-f{background-color:#3b5998}.elementor-social-icon-flickr{background-color:#0063dc}.elementor-social-icon-foursquare{background-color:#2d5be3}.elementor-social-icon-free-code-camp,.elementor-social-icon-freecodecamp{background-color:#006400}.elementor-social-icon-github{background-color:#333}.elementor-social-icon-gitlab{background-color:#e24329}.elementor-social-icon-globe{background-color:#69727d}.elementor-social-icon-google-plus,.elementor-social-icon-google-plus-g{background-color:#dd4b39}.elementor-social-icon-houzz{background-color:#7ac142}.elementor-social-icon-instagram{background-color:#262626}.elementor-social-icon-jsfiddle{background-color:#487aa2}.elementor-social-icon-link{background-color:#818a91}.elementor-social-icon-linkedin,.elementor-social-icon-linkedin-in{background-color:#0077b5}.elementor-social-icon-medium{background-color:#00ab6b}.elementor-social-icon-meetup{background-color:#ec1c40}.elementor-social-icon-mixcloud{background-color:#273a4b}.elementor-social-icon-odnoklassniki{background-color:#f4731c}.elementor-social-icon-pinterest{background-color:#bd081c}.elementor-social-icon-product-hunt{background-color:#da552f}.elementor-social-icon-reddit{background-color:#ff4500}.elementor-social-icon-rss{background-color:#f26522}.elementor-social-icon-shopping-cart{background-color:#4caf50}.elementor-social-icon-skype{background-color:#00aff0}.elementor-social-icon-slideshare{background-color:#0077b5}.elementor-social-icon-snapchat{background-color:#fffc00}.elementor-social-icon-soundcloud{background-color:#f80}.elementor-social-icon-spotify{background-color:#2ebd59}.elementor-social-icon-stack-overflow{background-color:#fe7a15}.elementor-social-icon-steam{background-color:#00adee}.elementor-social-icon-stumbleupon{background-color:#eb4924}.elementor-social-icon-telegram{background-color:#2ca5e0}.elementor-social-icon-thumb-tack{background-color:#1aa1d8}.elementor-social-icon-tripadvisor{background-color:#589442}.elementor-social-icon-tumblr{background-color:#35465c}.elementor-social-icon-twitch{background-color:#6441a5}.elementor-social-icon-twitter{background-color:#1da1f2}.elementor-social-icon-viber{background-color:#665cac}.elementor-social-icon-vimeo{background-color:#1ab7ea}.elementor-social-icon-vk{background-color:#45668e}.elementor-social-icon-weibo{background-color:#dd2430}.elementor-social-icon-weixin{background-color:#31a918}.elementor-social-icon-whatsapp{background-color:#25d366}.elementor-social-icon-wordpress{background-color:#21759b}.elementor-social-icon-xing{background-color:#026466}.elementor-social-icon-yelp{background-color:#af0606}.elementor-social-icon-youtube{background-color:#cd201f}.elementor-social-icon-500px{background-color:#0099e5}.elementor-shape-rounded .elementor-icon.elementor-social-icon{border-radius:10%}.elementor-shape-circle .elementor-icon.elementor-social-icon{border-radius:50%}<\/style>\t\t<div class=\"elementor-social-icons-wrapper elementor-grid\">\n\t\t\t\t\t\t\t<span class=\"elementor-grid-item\">\n\t\t\t\t\t<a class=\"elementor-icon elementor-social-icon elementor-social-icon-instagram elementor-animation-grow elementor-repeater-item-e84df04\" href=\"https:\/\/www.instagram.com\/nonadajornalismo\/\" target=\"_blank\">\n\t\t\t\t\t\t<span class=\"elementor-screen-only\">Instagram<\/span>\n\t\t\t\t\t\t<i class=\"fab fa-instagram\"><\/i>\t\t\t\t\t<\/a>\n\t\t\t\t<\/span>\n\t\t\t\t\t\t\t<span class=\"elementor-grid-item\">\n\t\t\t\t\t<a class=\"elementor-icon elementor-social-icon elementor-social-icon-twitter elementor-animation-grow elementor-repeater-item-5a6222c\" href=\"https:\/\/twitter.com\/nonadajor\" target=\"_blank\">\n\t\t\t\t\t\t<span class=\"elementor-screen-only\">Twitter<\/span>\n\t\t\t\t\t\t<i class=\"fab fa-twitter\"><\/i>\t\t\t\t\t<\/a>\n\t\t\t\t<\/span>\n\t\t\t\t\t\t\t<span class=\"elementor-grid-item\">\n\t\t\t\t\t<a class=\"elementor-icon elementor-social-icon elementor-social-icon-youtube elementor-animation-grow elementor-repeater-item-edc75a5\" href=\"https:\/\/www.youtube.com\/@NonadaJornalismo\" target=\"_blank\">\n\t\t\t\t\t\t<span class=\"elementor-screen-only\">Youtube<\/span>\n\t\t\t\t\t\t<i class=\"fab fa-youtube\"><\/i>\t\t\t\t\t<\/a>\n\t\t\t\t<\/span>\n\t\t\t\t\t<\/div>\n\t\t\t\t<\/div>\n\t\t\t\t<\/div>\n\t\t\t\t<\/div>\n\t\t\t\t\t\t\t<\/div>\n\t\t","protected":false},"excerpt":{"rendered":"<p>In\u00edcio Sobre Decolonialidade Cadastre-se Quem Somos In\u00edcio Sobre Decolonialidade Cadastre-se Quem Somos In\u00edcio Sobre Decolonialidade Cadastre-se Quem Somos In\u00edcio Sobre Decolonialidade Cadastre-se Quem Somos O pensamento decolonial Qual a diferen\u00e7a entre descoloniza\u00e7\u00e3o e decolonialidade? Como o conceito de decolonial se diferencia de contracolonial? Quais s\u00e3o as origens de todos esses termos?&nbsp; Segundo o professor Jos\u00e9 [&hellip;]<\/p>\n","protected":false},"author":1,"featured_media":0,"parent":0,"menu_order":0,"comment_status":"closed","ping_status":"closed","template":"elementor_canvas","meta":{"footnotes":""},"acf":[],"_links":{"self":[{"href":"https:\/\/nonada.com.br\/redeveredas\/wp-json\/wp\/v2\/pages\/1755"}],"collection":[{"href":"https:\/\/nonada.com.br\/redeveredas\/wp-json\/wp\/v2\/pages"}],"about":[{"href":"https:\/\/nonada.com.br\/redeveredas\/wp-json\/wp\/v2\/types\/page"}],"author":[{"embeddable":true,"href":"https:\/\/nonada.com.br\/redeveredas\/wp-json\/wp\/v2\/users\/1"}],"replies":[{"embeddable":true,"href":"https:\/\/nonada.com.br\/redeveredas\/wp-json\/wp\/v2\/comments?post=1755"}],"version-history":[{"count":141,"href":"https:\/\/nonada.com.br\/redeveredas\/wp-json\/wp\/v2\/pages\/1755\/revisions"}],"predecessor-version":[{"id":2289,"href":"https:\/\/nonada.com.br\/redeveredas\/wp-json\/wp\/v2\/pages\/1755\/revisions\/2289"}],"wp:attachment":[{"href":"https:\/\/nonada.com.br\/redeveredas\/wp-json\/wp\/v2\/media?parent=1755"}],"curies":[{"name":"wp","href":"https:\/\/api.w.org\/{rel}","templated":true}]}}